{"id":633,"date":"2016-04-04T15:52:02","date_gmt":"2016-04-04T15:52:02","guid":{"rendered":"http:\/\/www.hotel-provencal.com\/en\/?page_id=633"},"modified":"2023-04-28T14:52:43","modified_gmt":"2023-04-28T14:52:43","slug":"legal-mentions","status":"publish","type":"page","link":"https:\/\/www.hotel-provencal.com\/en\/legal-mentions\/","title":{"rendered":"Legal mentions"},"content":{"rendered":"<div id=\"content\" class=\"content\">\n<div class=\"wpb_row wf-container\">\n<div class=\"wf-cell wf-span-12 wpb_column column_container \">\n<div class=\"wpb_text_column wpb_content_element \">\n<div class=\"wpb_wrapper\">\n<p>Url :<a href=\"https:\/\/www.hotel-provencal.com\"> www.hotel-provencal.com\u00a0<\/a>H\u00f4tel Proven\u00e7al, C\u00f4te d&#8217;Azur, vous accueille pour votre s\u00e9jour dans la ville de Saint-Rapha\u00ebl<\/p>\n<p>\u00bb Raison sociale : <span class=\"value\">Proven\u00e7al Hotel SAS<\/span><\/p>\n<p>\u00bb T\u00e9l. : <a href=\"tel:0498118000\">+33(0)4 98 11 80 00<\/a><\/p>\n<p>\u00bb Email : <a href=\"mailto:reception@hotel-provencal.com\">reception@hotel-provencal.com<\/a><\/p>\n<p>\u00bb Date de 1\u00e8re mise en ligne : 22\/02\/2016<\/p>\n<p>\u00bb Objet du site : H\u00f4tel Proven\u00e7al<\/p>\n<p>\u00bb Directeur de la publication, responsable l\u00e9gal : H\u00f4tel Proven\u00e7al<\/p>\n<p>\u00bb Responsable \u00e9ditorial, webmaster : <a href=\"http:\/\/www.styleo.fr\" target=\"_blank\" rel=\"noopener\">Styl\u00e9o<\/a><\/p>\n<p>\u00bb Conception, \u00e9dition, direction artistique : <a href=\"http:\/\/www.styleo.fr\" target=\"_blank\" rel=\"noopener\">Styl\u00e9o<\/a><\/p>\n<p>\u00bb R\u00e9daction : Jean Grolleau<\/p>\n<p>\u00bb Photographies :<\/p>\n<p>\u00a9DERIVIERE<br \/>\n\u00a9N.GOMEZ<br \/>\n\u00a9JF.CHOLLEY<br \/>\n\u00a9L.SALEMI<br \/>\n\u00a9Station Nautique &#8211; Yacht Club<br \/>\n\u00a9M.Angot<br \/>\n\u00a9OT-SR<br \/>\n\u00a9G.ROUMESTAN<\/p>\n<p>\u00bb H\u00e9bergement : Titan Datacenter \u2013 1210 Chem. de la Plaine, 06250 Mougins<\/p>\n<\/div>\n<\/div>\n<div class=\"gap\"><\/div>\n<div class=\"wpb_text_column wpb_content_element \">\n<div class=\"wpb_wrapper\">\n<h2 class=\"soustitre-red xs-mb-2\">Le site pr\u00e9sente :<\/h2>\n<p>&#8211; Contenu informatif<\/p>\n<\/div>\n<\/div>\n<div class=\"gap\"><\/div>\n<div class=\"wpb_text_column wpb_content_element \">\n<div class=\"wpb_wrapper\">\n<h2 class=\"soustitre-red xs-mb-2\">Loi informatique et libert\u00e9<\/h2>\n<p>Le site fait l\u2019objet d\u2019une d\u00e9claration aupr\u00e8s de la Commission Nationale Informatique et Libert\u00e9. Vous disposez d\u2019un droit d\u2019acc\u00e8s, de modification, de rectification et de suppression des donn\u00e9es qui vous concernent (art. 34 de la loi \u00ab Informatique et Libert\u00e9 \u00bb).<\/p>\n<\/div>\n<\/div>\n<div class=\"gap\"><\/div>\n<div class=\"wpb_text_column wpb_content_element \">\n<div class=\"wpb_wrapper\">\n<h2 class=\"soustitre-red xs-mb-2\">Propri\u00e9t\u00e9 et droits d\u2019auteur<\/h2>\n<p>Le site et les informations qu\u2019il contient est prot\u00e9g\u00e9 par la loi fran\u00e7aise sur la propri\u00e9t\u00e9 intellectuelle et par les conventions internationales. Le site (ou des \u00e9l\u00e9ments de son contenu) ne peut \u00eatre ni reproduit, ni republi\u00e9, ni retranscrit, ni modifi\u00e9, ni retransmis sans l\u2019autorisation pr\u00e9alable des ayants-droits par \u00e9crit (cela ne concerne pas l\u2019utilisation dans le cercle de famille ni l\u2019usage priv\u00e9).<\/p>\n<\/div>\n<\/div>\n<\/div>\n<\/div>\n<\/div>\n<p>&nbsp;<\/p>\n","protected":false},"excerpt":{"rendered":"<p>Url : www.hotel-provencal.com\u00a0H\u00f4tel Proven\u00e7al, C\u00f4te d&#8217;Azur, vous accueille pour votre s\u00e9jour dans la ville de Saint-Rapha\u00ebl \u00bb Raison sociale : Proven\u00e7al Hotel SAS \u00bb T\u00e9l. : +33(0)4 98 11 80 00 \u00bb Email : reception@hotel-provencal.com \u00bb Date de 1\u00e8re mise en ligne : 22\/02\/2016 \u00bb Objet du site : H\u00f4tel Proven\u00e7al \u00bb Directeur de la &hellip; <a href=\"https:\/\/www.hotel-provencal.com\/en\/legal-mentions\/\">Continued<\/a><\/p>\n","protected":false},"author":3,"featured_media":0,"parent":0,"menu_order":0,"comment_status":"closed","ping_status":"closed","template":"","meta":[],"yoast_head":"<meta name=\"description\" content=\"Legal mentions - H\u00f4tel Provencal St-Rapha\u00ebl\" \/>\n<meta name=\"robots\" content=\"index, follow, max-snippet:-1, max-image-preview:large, max-video-preview:-1\" \/>\n<link rel=\"canonical\" href=\"https:\/\/www.hotel-provencal.com\/en\/legal-mentions\/\" \/>\n<meta property=\"og:locale\" content=\"en_US\" \/>\n<meta property=\"og:type\" content=\"article\" \/>\n<meta property=\"og:title\" content=\"Legal mentions - H\u00f4tel Provencal Saint-Rapha\u00ebl\" \/>\n<meta property=\"og:description\" content=\"Legal mentions - H\u00f4tel Provencal St-Rapha\u00ebl\" \/>\n<meta property=\"og:url\" content=\"https:\/\/www.hotel-provencal.com\/en\/legal-mentions\/\" \/>\n<meta property=\"og:site_name\" content=\"H\u00f4tel Provencal Saint-Rapha\u00ebl\" \/>\n<meta property=\"article:modified_time\" content=\"2023-04-28T14:52:43+00:00\" \/>\n<meta name=\"twitter:label1\" content=\"Est. reading time\" \/>\n\t<meta name=\"twitter:data1\" content=\"1 minute\" \/>\n<script type=\"application\/ld+json\" class=\"yoast-schema-graph\">{\"@context\":\"https:\/\/schema.org\",\"@graph\":[{\"@type\":\"WebSite\",\"@id\":\"https:\/\/www.hotel-provencal.com\/#website\",\"url\":\"https:\/\/www.hotel-provencal.com\/\",\"name\":\"H\\u00f4tel Provencal Saint-Rapha\\u00ebl\",\"description\":\".\",\"potentialAction\":[{\"@type\":\"SearchAction\",\"target\":{\"@type\":\"EntryPoint\",\"urlTemplate\":\"https:\/\/www.hotel-provencal.com\/?s={search_term_string}\"},\"query-input\":\"required name=search_term_string\"}],\"inLanguage\":\"en-US\"},{\"@type\":\"WebPage\",\"@id\":\"https:\/\/www.hotel-provencal.com\/en\/legal-mentions\/#webpage\",\"url\":\"https:\/\/www.hotel-provencal.com\/en\/legal-mentions\/\",\"name\":\"Legal mentions - H\\u00f4tel Provencal Saint-Rapha\\u00ebl\",\"isPartOf\":{\"@id\":\"https:\/\/www.hotel-provencal.com\/#website\"},\"datePublished\":\"2016-04-04T15:52:02+00:00\",\"dateModified\":\"2023-04-28T14:52:43+00:00\",\"description\":\"Legal mentions - H\\u00f4tel Provencal St-Rapha\\u00ebl\",\"breadcrumb\":{\"@id\":\"https:\/\/www.hotel-provencal.com\/en\/legal-mentions\/#breadcrumb\"},\"inLanguage\":\"en-US\",\"potentialAction\":[{\"@type\":\"ReadAction\",\"target\":[\"https:\/\/www.hotel-provencal.com\/en\/legal-mentions\/\"]}]},{\"@type\":\"BreadcrumbList\",\"@id\":\"https:\/\/www.hotel-provencal.com\/en\/legal-mentions\/#breadcrumb\",\"itemListElement\":[{\"@type\":\"ListItem\",\"position\":1,\"name\":\"Accueil\",\"item\":\"https:\/\/www.hotel-provencal.com\/en\/\"},{\"@type\":\"ListItem\",\"position\":2,\"name\":\"Legal mentions\"}]}]}<\/script>","yoast_head_json":{"description":"Legal mentions - H\u00f4tel Provencal St-Rapha\u00ebl","robots":{"index":"index","follow":"follow","max-snippet":"max-snippet:-1","max-image-preview":"max-image-preview:large","max-video-preview":"max-video-preview:-1"},"canonical":"https:\/\/www.hotel-provencal.com\/en\/legal-mentions\/","og_locale":"en_US","og_type":"article","og_title":"Legal mentions - H\u00f4tel Provencal Saint-Rapha\u00ebl","og_description":"Legal mentions - H\u00f4tel Provencal St-Rapha\u00ebl","og_url":"https:\/\/www.hotel-provencal.com\/en\/legal-mentions\/","og_site_name":"H\u00f4tel Provencal Saint-Rapha\u00ebl","article_modified_time":"2023-04-28T14:52:43+00:00","twitter_misc":{"Est. reading time":"1 minute"},"schema":{"@context":"https:\/\/schema.org","@graph":[{"@type":"WebSite","@id":"https:\/\/www.hotel-provencal.com\/#website","url":"https:\/\/www.hotel-provencal.com\/","name":"H\u00f4tel Provencal Saint-Rapha\u00ebl","description":".","potentialAction":[{"@type":"SearchAction","target":{"@type":"EntryPoint","urlTemplate":"https:\/\/www.hotel-provencal.com\/?s={search_term_string}"},"query-input":"required name=search_term_string"}],"inLanguage":"en-US"},{"@type":"WebPage","@id":"https:\/\/www.hotel-provencal.com\/en\/legal-mentions\/#webpage","url":"https:\/\/www.hotel-provencal.com\/en\/legal-mentions\/","name":"Legal mentions - H\u00f4tel Provencal Saint-Rapha\u00ebl","isPartOf":{"@id":"https:\/\/www.hotel-provencal.com\/#website"},"datePublished":"2016-04-04T15:52:02+00:00","dateModified":"2023-04-28T14:52:43+00:00","description":"Legal mentions - H\u00f4tel Provencal St-Rapha\u00ebl","breadcrumb":{"@id":"https:\/\/www.hotel-provencal.com\/en\/legal-mentions\/#breadcrumb"},"inLanguage":"en-US","potentialAction":[{"@type":"ReadAction","target":["https:\/\/www.hotel-provencal.com\/en\/legal-mentions\/"]}]},{"@type":"BreadcrumbList","@id":"https:\/\/www.hotel-provencal.com\/en\/legal-mentions\/#breadcrumb","itemListElement":[{"@type":"ListItem","position":1,"name":"Accueil","item":"https:\/\/www.hotel-provencal.com\/en\/"},{"@type":"ListItem","position":2,"name":"Legal mentions"}]}]}},"_links":{"self":[{"href":"https:\/\/www.hotel-provencal.com\/en\/wp-json\/wp\/v2\/pages\/633"}],"collection":[{"href":"https:\/\/www.hotel-provencal.com\/en\/wp-json\/wp\/v2\/pages"}],"about":[{"href":"https:\/\/www.hotel-provencal.com\/en\/wp-json\/wp\/v2\/types\/page"}],"author":[{"embeddable":true,"href":"https:\/\/www.hotel-provencal.com\/en\/wp-json\/wp\/v2\/users\/3"}],"replies":[{"embeddable":true,"href":"https:\/\/www.hotel-provencal.com\/en\/wp-json\/wp\/v2\/comments?post=633"}],"version-history":[{"count":3,"href":"https:\/\/www.hotel-provencal.com\/en\/wp-json\/wp\/v2\/pages\/633\/revisions"}],"predecessor-version":[{"id":1837,"href":"https:\/\/www.hotel-provencal.com\/en\/wp-json\/wp\/v2\/pages\/633\/revisions\/1837"}],"wp:attachment":[{"href":"https:\/\/www.hotel-provencal.com\/en\/wp-json\/wp\/v2\/media?parent=633"}],"curies":[{"name":"wp","href":"https:\/\/api.w.org\/{rel}","templated":true}]}}